{"version":"1.0","provider_name":"MO5.COM","provider_url":"http:\/\/mo5.com\/en","title":"La chasse au Micral N - MO5.COM","type":"rich","width":600,"height":338,"html":"<blockquote class=\"wp-embedded-content\" data-secret=\"43IQ8Bghr9\"><a href=\"http:\/\/mo5.com\/en\/la-chasse-au-micral-n\/\">Micral hunting N<\/a><\/blockquote><iframe sandbox=\"allow-scripts\" security=\"restricted\" src=\"http:\/\/mo5.com\/en\/la-chasse-au-micral-n\/embed\/#?secret=43IQ8Bghr9\" width=\"600\" height=\"338\" title=\"&quot;The Micral N hunt - MO5.COM\" data-secret=\"43IQ8Bghr9\" frameborder=\"0\" marginwidth=\"0\" marginheight=\"0\" scrolling=\"no\" class=\"wp-embedded-content\"><\/iframe><script type=\"text\/javascript\">\n\/* <![CDATA[ *\/\n\/*! This file is auto-generated *\/\n!function(d,l){\"use strict\";l.querySelector&&d.addEventListener&&\"undefined\"!=typeof URL&&(d.wp=d.wp||{},d.wp.receiveEmbedMessage||(d.wp.receiveEmbedMessage=function(e){var t=e.data;if((t||t.secret||t.message||t.value)&&!\/[^a-zA-Z0-9]\/.test(t.secret)){for(var s,r,n,a=l.querySelectorAll('iframe[data-secret=\"'+t.secret+'\"]'),o=l.querySelectorAll('blockquote[data-secret=\"'+t.secret+'\"]'),c=new RegExp(\"^https?:$\",\"i\"),i=0;i<o.length;i++)o[i].style.display=\"none\";for(i=0;i<a.length;i++)s=a[i],e.source===s.contentWindow&&(s.removeAttribute(\"style\"),\"height\"===t.message?(1e3<(r=parseInt(t.value,10))?r=1e3:~~r<200&&(r=200),s.height=r):\"link\"===t.message&&(r=new URL(s.getAttribute(\"src\")),n=new URL(t.value),c.test(n.protocol))&&n.host===r.host&&l.activeElement===s&&(d.top.location.href=t.value))}},d.addEventListener(\"message\",d.wp.receiveEmbedMessage,!1),l.addEventListener(\"DOMContentLoaded\",function(){for(var e,t,s=l.querySelectorAll(\"iframe.wp-embedded-content\"),r=0;r<s.length;r++)(t=(e=s[r]).getAttribute(\"data-secret\"))||(t=Math.random().toString(36).substring(2,12),e.src+=\"#?secret=\"+t,e.setAttribute(\"data-secret\",t)),e.contentWindow.postMessage({message:\"ready\",secret:t},\"*\")},!1)))}(window,document);\n\/\/# sourceURL=http:\/\/mo5.com\/wp-includes\/js\/wp-embed.min.js\n\/* ]]> *\/\n<\/script>","thumbnail_url":"https:\/\/mo5.com\/wp-content\/uploads\/2023\/11\/IMG_4795_1024.jpg","thumbnail_width":768,"thumbnail_height":1024,"description":"par Pierre Mounier-Kuhn Historien CNRS, Sorbonne Universit\u00e9 et CentraleSup\u00e9lec En 1990, tout en commen\u00e7ant ma th\u00e8se sur l\u2019histoire de l\u2019informatique en France, j\u2019organisai un colloque international sur ce th\u00e8me au Conservatoire des Arts et M\u00e9tiers, embelli d\u2019une exposition au Mus\u00e9e du m\u00eame nom. \u00c0 c\u00f4t\u00e9 des pionniers fran\u00e7ais ou \u00e9trangers des ann\u00e9es 1950, qui venaient pr\u00e9senter leurs calculateurs \u00e9lectroniques ou l\u2019histoire de leurs entreprises, on eut le plaisir d\u2019accueillir un ing\u00e9nieur encore jeune, Fran\u00e7ois Gernelle, qui raconta le d\u00e9veloppement du Micral N. Cette histoire n\u2019\u00e9tait pas totalement inconnue de ceux qui s\u2019int\u00e9ressaient au sujet, mais ce fut l\u2019occasion de lancer un mouvement d\u2019int\u00e9r\u00eat et de le montrer \u00e0 Fran\u00e7ois Gernelle. Gardant avec lui un contact amical, je lui demandai des compl\u00e9ments d\u2019information, notamment sur les premiers acqu\u00e9reurs du Micral apr\u00e8s l\u2019INRA qui en avait command\u00e9 le prototype. Autrement dit, des \u00e9l\u00e9ments permettant de comprendre comment la petit firme R2E \u00e9tait pass\u00e9e du d\u00e9veloppement du micro-ordinateur \u00e0 son industrialisation et \u00e0 sa commercialisation.\u00a0Conna\u00eetre ces premiers acqu\u00e9reurs pouvait \u00eatre aussi une piste pour retrouver et sauver d\u2019\u00e9ventuels Micrals survivants, en menant simultan\u00e9ment une \u00e9tude d\u2019histoire et une sauvegarde de patrimoine technique. Parmi les clients \u00ab\u00a0pionniers\u00a0\u00bb qu\u2019il cita, la soci\u00e9t\u00e9 AREA g\u00e9rant l\u2019autoroute Lyon-Chamb\u00e9ry me r\u00e9pondit assez rapidement,\u00a0en substance\u00a0: \u00ab\u00a0Oui, nous employons toujours des Micrals au contr\u00f4le-commande des bornes de p\u00e9age. On pr\u00e9voit de les remplacer, mais seulement apr\u00e8s la fin des Jeux olympiques d\u2019Albertville, au printemps 1992\u00a0!\u00a0\u00bb Le 18 avril\u00a01992, ma vieille voiture m\u2019emmena donc vers Chamb\u00e9ry. Le pr\u00e9pos\u00e9 au p\u00e9age de Nances, pr\u00e9venu par sa hi\u00e9rarchie, avait d\u00e9pos\u00e9 dans des cartons les Micrals mis \u00e0 la retraite, qui firent dans mon coffre le voyage de retour vers Paris. Il y a comme \u00e7a des moments de joie pure dans la vie d\u2019un historien des techniques, semblables \u00e0 \u00ab\u00a0la gloire de mon p\u00e8re\u00a0\u00bb de Pagnol apr\u00e8s la chasse aux bartavelles ou \u00e0 la jubilation que l\u2019on \u00e9prouve en faisant une d\u00e9couverte ou en exhumant un tr\u00e9sor. Que la soci\u00e9t\u00e9 de l\u2019autoroute Lyon-Chamb\u00e9ry soit remerci\u00e9e\u00a0! Surprise \u00e0 l\u2019arriv\u00e9e, en ouvrant ces cadeaux\u00a0: les unit\u00e9s \u00ab\u00a0automatismes\u00a0\u00bb, qui avaient pass\u00e9 20 ans pratiquement en plein air, dans l\u2019abri tr\u00e8s relatif des gu\u00e9rites de p\u00e9age, avaient emmagasin\u00e9 au gr\u00e9 des vents, qui des brins d\u2019herbe, qui des \u00e9pis de gramin\u00e9es champ\u00eatres, qui une sauterelle aventureuse\u2026\u00a0Preuve que le Micral N avait \u00e9t\u00e9 bien con\u00e7u par des professionnels de l\u2019informatique industrielle, pour fonctionner dans des conditions \u00e9prouvantes, loin de l\u2019esprit ludique de la \u00ab\u00a0contre-culture\u00a0\u00bb californienne. \u00c7a, c\u2019\u00e9tait de la French tech.\u00a0! Je ne voulais pas garder tout ce butin pour moi. \u00c0 tout seigneur, tout honneur, j\u2019apportai \u00e0 Fran\u00e7ois Gernelle deux exemplaires, dont l\u2019un garni du panneau de commandes permettant de programmer l\u2019appareil \u00ab\u00a0aux cl\u00e9s\u00a0\u00bb, en binaire. Un troisi\u00e8me alla \u00e0 la Cit\u00e9 des Sciences et de l\u2019Industrie de La Villette, o\u00f9 elle figura bient\u00f4t dans une exposition. J\u2019en gardai un exemplaire, \u00e0 la fois pour le plaisir du collectionneur et pour le montrer, soit \u00e0 mes \u00e9tudiants, soit dans quelque exposition future. Onze ans plus tard, en 2003, quand j\u2019organisai au CNAM un colloque et une petite exposition pour le 30e anniversaire du micro-ordinateur, Fran\u00e7ois Gernelle apporta [&hellip;]"}