{"id":322,"date":"2015-09-04T19:31:30","date_gmt":"2015-09-04T09:31:30","guid":{"rendered":"http:\/\/preview.imithemes.com\/vestige-wp\/?page_id=322"},"modified":"2019-02-19T10:45:18","modified_gmt":"2019-02-19T09:45:18","slug":"expositions","status":"publish","type":"page","link":"https:\/\/mo5.com\/fr\/expositions\/","title":{"rendered":"Expositions et \u00e9v\u00e9nements"},"content":{"rendered":"<div id=\"pl-322\"  class=\"panel-layout\" ><div id=\"pg-322-0\"  class=\"panel-grid panel-no-style\" ><div id=\"pgc-322-0-0\"  class=\"panel-grid-cell\" ><div id=\"panel-322-0-0-0\" class=\"so-panel widget widget_events-list-widget panel-first-child\" data-index=\"0\" ><div\n\t\t\t\n\t\t\tclass=\"so-widget-events-list-widget so-widget-events-list-widget-base\"\n\t\t\t\n\t\t><div class=\"text-align-\"><h3 class=\"widget-title\" >Prochains \u00e9v\u00e8nements<\/h3><\/div>\n\n<div class=\"row\">\n\t<ul class=\"isotope-grid isotope events-grid events-iso-grid\" data-sort-id=\"grid\">\n  \n <li class=\"col-md-4 col-sm-6 grid-item post-22177 event type-event status-publish has-post-thumbnail hentry venue-philharmonie-de-paris event-category-concert event-category-expositions event-tag-concert event-tag-culture event-tag-exposition event-tag-musique event-tag-retrogaming\">\t\t<div class=\"format-standard\">                <a href=\"https:\/\/mo5.com\/fr\/evenement\/le-musee-du-jeu-video-par-mo5\/?event_date=2026-04-30\" class=\"media-box grid-featured-img\"><img decoding=\"async\" src=\"https:\/\/mo5.com\/wp-content\/uploads\/2025\/12\/MJV2-1-600x400.jpg\" class=\"attachment-imic_600x400 size-imic_600x400 wp-post-image\" alt=\"MJV2\" srcset=\"https:\/\/mo5.com\/wp-content\/uploads\/2025\/12\/MJV2-1-600x400.jpg 600w, https:\/\/mo5.com\/wp-content\/uploads\/2025\/12\/MJV2-1-272x182.jpg 272w\" sizes=\"(max-width: 600px) 100vw, 600px\" \/><\/a>\n                <div class=\"grid-item-content\">\n            <div class=\"event-time\">\n                <span class=\"date\">30<\/span>\n                <span class=\"month\">Avr<span>, 26<\/span><\/span>\n            <\/div>\n            <span class=\"label label-success\">A venir<\/span>\n            <h3><a href=\"https:\/\/mo5.com\/fr\/evenement\/le-musee-du-jeu-video-par-mo5\/?event_date=2026-04-30\">Le Mus\u00e9e du Jeu Vid\u00e9o par MO5<\/a><\/h3>\n            <div class=\"meta-data grid-item-meta alt\">\n                <div><i class=\"fa fa-map-marker\"><\/i> <a href=\"https:\/\/mo5.com\/fr\/venue\/le-musee-du-jeu-video\/\" rel=\"tag\">Le Mus\u00e9e du Jeu Vid\u00e9o<\/a><\/div>                <div>jeudi, 14:00 - 18:00<\/div>\n            <\/div><p>Ouverture du Mus\u00e9e du Jeu Vid\u00e9o de MO5 : le patrimoine num\u00e9rique \u00e0 Paris Le Mus\u00e9e du Jeu Vid\u00e9o de MO5 est la r\u00e9alisation concr\u00e8te\u2026<\/p>            <div class=\"post-actions\">\n            \n                            <a href=\"https:\/\/mo5.com\/fr\/evenement\/le-musee-du-jeu-video-par-mo5\/?event_date=2026-04-30\" class=\"btn btn-default\">En savoir plus<\/a>            <\/div>\n        <\/div>\n    <\/li>\n  \n <li class=\"col-md-4 col-sm-6 grid-item post-22177 event type-event status-publish has-post-thumbnail hentry venue-philharmonie-de-paris event-category-concert event-category-expositions event-tag-concert event-tag-culture event-tag-exposition event-tag-musique event-tag-retrogaming\">\t\t<div class=\"format-standard\">                <a href=\"https:\/\/mo5.com\/fr\/evenement\/video-games-music-a-la-philharmonie-de-paris\/?event_date=2026-04-30\" class=\"media-box grid-featured-img\"><img decoding=\"async\" src=\"https:\/\/mo5.com\/wp-content\/uploads\/2026\/03\/69babed760b9e_VGM_1600x633_no-text-2-600x400.jpg\" class=\"attachment-imic_600x400 size-imic_600x400 wp-post-image\" alt=\"69babed760b9e VGM 1600x633 no text 2\" srcset=\"https:\/\/mo5.com\/wp-content\/uploads\/2026\/03\/69babed760b9e_VGM_1600x633_no-text-2-600x400.jpg 600w, https:\/\/mo5.com\/wp-content\/uploads\/2026\/03\/69babed760b9e_VGM_1600x633_no-text-2-272x182.jpg 272w\" sizes=\"(max-width: 600px) 100vw, 600px\" \/><\/a>\n                <div class=\"grid-item-content\">\n            <div class=\"event-time\">\n                <span class=\"date\">30<\/span>\n                <span class=\"month\">Avr<span>, 26<\/span><\/span>\n            <\/div>\n            <span class=\"label label-success\">A venir<\/span>\n            <h3><a href=\"https:\/\/mo5.com\/fr\/evenement\/video-games-music-a-la-philharmonie-de-paris\/?event_date=2026-04-30\">Video Games &#038; Music \u00e0 la Philharmonie de Paris<\/a><\/h3>\n            <div class=\"meta-data grid-item-meta alt\">\n                <div><i class=\"fa fa-map-marker\"><\/i> <a href=\"https:\/\/mo5.com\/fr\/venue\/philharmonie-de-paris\/\" rel=\"tag\">Philharmonie de Paris<\/a><\/div>                <div>jeudi, 12:00 - 19:00<\/div>\n            <\/div><p>Du 2 avril au 1er novembre 2026, la Philharmonie de Paris nous propose l'exposition Video Games &amp; Music retra\u00e7ant l'histoire des liens entre la musique\u2026<\/p>            <div class=\"post-actions\">\n            \n                            <a href=\"https:\/\/mo5.com\/fr\/evenement\/video-games-music-a-la-philharmonie-de-paris\/?event_date=2026-04-30\" class=\"btn btn-default\">En savoir plus<\/a>            <\/div>\n        <\/div>\n    <\/li>\n\t<\/ul>\n <\/div>\n <\/div><\/div><div id=\"panel-322-0-0-1\" class=\"so-panel widget widget_search\" data-index=\"1\" ><h3 class=\"widget-title\">Chercher une exposition :<\/h3> <form method=\"get\" id=\"searchform\" action=\"https:\/\/mo5.com\/fr\/\/\">\n            <div class=\"input-group\">\n            <input type=\"text\" class=\"form-control\" name=\"s\" id=\"s\" value=\"\" placeholder=\"Exposition, article, podcast...\" \/>\n            <span class=\"input-group-btn\">\n            <button type =\"submit\" name =\"submit\" class=\"btn btn-primary\"><i class=\"fa fa-search fa-lg\"><\/i><\/button>\n            <\/span> <\/div>\n <\/form>\n<\/div><div id=\"panel-322-0-0-2\" class=\"so-panel widget widget_events-list-widget panel-last-child\" data-index=\"2\" ><div\n\t\t\t\n\t\t\tclass=\"so-widget-events-list-widget so-widget-events-list-widget-base\"\n\t\t\t\n\t\t><div class=\"text-align-\"><h3 class=\"widget-title\" >Derniers \u00e9v\u00e8nements<\/h3><\/div>\n<ul class=\"events-list\">\n\t<li class=\"event-list-item\">\n    \t<div class=\"pull-right\" style=\"max-width:100px\">\n            <a href=\"https:\/\/mo5.com\/fr\/evenement\/polymanga-2026-avec-mo5\/?event_date=2026-04-03\" class=\"btn btn-default\" style=\"margin-bottom:10px;\">D\u00e9tails<\/a>\n            \n                    <\/div>\n                <a href=\"https:\/\/mo5.com\/fr\/evenement\/polymanga-2026-avec-mo5\/?event_date=2026-04-03\" class=\"img-thumbnail\"><img decoding=\"async\" src=\"https:\/\/mo5.com\/wp-content\/uploads\/2026\/04\/PolyManga2026-600x400.jpg\" class=\"attachment-imic_600x400 size-imic_600x400 wp-post-image\" alt=\"PolyManga2026\" srcset=\"https:\/\/mo5.com\/wp-content\/uploads\/2026\/04\/PolyManga2026-600x400.jpg 600w, https:\/\/mo5.com\/wp-content\/uploads\/2026\/04\/PolyManga2026-272x182.jpg 272w\" sizes=\"(max-width: 600px) 100vw, 600px\" \/><\/a>\n                <div style=\"padding-left:130px;\">\n        <h3><a href=\"https:\/\/mo5.com\/fr\/evenement\/polymanga-2026-avec-mo5\/?event_date=2026-04-03\">Polymanga 2026 avec MO5 !<\/a><\/h3>\n                <div class=\"meta-data alt\">\n            <div><i class=\"fa fa-map-marker\"><\/i> <a href=\"https:\/\/mo5.com\/fr\/venue\/beaulieu-lausanne\/\" rel=\"tag\">Beaulieu Lausanne<\/a><\/div>            <div><i class=\"fa fa-calendar\"><\/i> 3 avril 2026 09:00 - 6 avril 2026 18:30<\/div>\n            <div><i class=\"fa fa-clock-o\"><\/i> 09:00 - 18:30<\/div>\n        <\/div>\n        <p class=\"event-excerpt\">Polymanga retourne cette ann\u00e9e \u00e0 Beaulieu \u00e0 Lausanne pour ce week-end de P\u00e2ques du 3 au 6 avril 2026. Cette grande convention suisse est d\u00e9di\u00e9e\u2026<\/p>        <\/div>\n    <\/li>\n\t<li class=\"event-list-item\">\n    \t<div class=\"pull-right\" style=\"max-width:100px\">\n            <a href=\"https:\/\/mo5.com\/fr\/evenement\/mo5-a-la-39e-edition-de-paris-manga\/?event_date=2026-03-14\" class=\"btn btn-default\" style=\"margin-bottom:10px;\">D\u00e9tails<\/a>\n            \n                    <\/div>\n                <a href=\"https:\/\/mo5.com\/fr\/evenement\/mo5-a-la-39e-edition-de-paris-manga\/?event_date=2026-03-14\" class=\"img-thumbnail\"><img decoding=\"async\" src=\"https:\/\/mo5.com\/wp-content\/uploads\/2026\/03\/PM39v2-600x400.jpeg\" class=\"attachment-imic_600x400 size-imic_600x400 wp-post-image\" alt=\"PM39v2\" srcset=\"https:\/\/mo5.com\/wp-content\/uploads\/2026\/03\/PM39v2-600x400.jpeg 600w, https:\/\/mo5.com\/wp-content\/uploads\/2026\/03\/PM39v2-16x12.jpeg 16w, https:\/\/mo5.com\/wp-content\/uploads\/2026\/03\/PM39v2-272x182.jpeg 272w\" sizes=\"(max-width: 600px) 100vw, 600px\" \/><\/a>\n                <div style=\"padding-left:130px;\">\n        <h3><a href=\"https:\/\/mo5.com\/fr\/evenement\/mo5-a-la-39e-edition-de-paris-manga\/?event_date=2026-03-14\">MO5 \u00e0 la 39e \u00e9dition de Paris Manga !<\/a><\/h3>\n                <div class=\"meta-data alt\">\n            <div><i class=\"fa fa-map-marker\"><\/i> <a href=\"https:\/\/mo5.com\/fr\/venue\/paris-nord-villepinte\/\" rel=\"tag\">Parc des expositions Paris Nord Villepinte<\/a><\/div>            <div><i class=\"fa fa-calendar\"><\/i> 14 mars 2026 09:00 - 15 mars 2026 18:00<\/div>\n            <div><i class=\"fa fa-clock-o\"><\/i> 09:00 - 18:00<\/div>\n        <\/div>\n        <p class=\"event-excerpt\">La 39e \u00e9dition de Paris Manga &amp; Sci-Fi Show ouvre ses portes les 14 et 15 mars 2026\u00a0 au Parc des Expositions Paris Nord Villepinte.\u2026<\/p>        <\/div>\n    <\/li>\n\t<li class=\"event-list-item\">\n    \t<div class=\"pull-right\" style=\"max-width:100px\">\n            <a href=\"https:\/\/mo5.com\/fr\/evenement\/retrogaming-play-lvl-5-avec-mo5\/?event_date=2026-02-28\" class=\"btn btn-default\" style=\"margin-bottom:10px;\">D\u00e9tails<\/a>\n            \n                    <\/div>\n                <a href=\"https:\/\/mo5.com\/fr\/evenement\/retrogaming-play-lvl-5-avec-mo5\/?event_date=2026-02-28\" class=\"img-thumbnail\"><img decoding=\"async\" src=\"https:\/\/mo5.com\/wp-content\/uploads\/2026\/02\/RGP2026-600x400.jpg\" class=\"attachment-imic_600x400 size-imic_600x400 wp-post-image\" alt=\"RGP2026\" srcset=\"https:\/\/mo5.com\/wp-content\/uploads\/2026\/02\/RGP2026-600x400.jpg 600w, https:\/\/mo5.com\/wp-content\/uploads\/2026\/02\/RGP2026-272x182.jpg 272w\" sizes=\"(max-width: 600px) 100vw, 600px\" \/><\/a>\n                <div style=\"padding-left:130px;\">\n        <h3><a href=\"https:\/\/mo5.com\/fr\/evenement\/retrogaming-play-lvl-5-avec-mo5\/?event_date=2026-02-28\">RetroGaming Play Lvl 5 avec MO5<\/a><\/h3>\n                <div class=\"meta-data alt\">\n            <div><i class=\"fa fa-map-marker\"><\/i> <a href=\"https:\/\/mo5.com\/fr\/venue\/colisee-de-meaux\/\" rel=\"tag\">Colis\u00e9e de Meaux<\/a><\/div>            <div><i class=\"fa fa-calendar\"><\/i> 28 f\u00e9vrier 2026 10:30 - 1 mars 2026 17:00<\/div>\n            <div><i class=\"fa fa-clock-o\"><\/i> 10:30 - 17:00<\/div>\n        <\/div>\n        <p class=\"event-excerpt\">Retrouvez ce 28 f\u00e9vrier et 1er mars le festival RetroGaming Play Lvl 5 (RGplay 2026) au Colis\u00e9e de Meaux ! Ce grand classique du milieu\u2026<\/p>        <\/div>\n    <\/li>\n\t<li class=\"event-list-item\">\n    \t<div class=\"pull-right\" style=\"max-width:100px\">\n            <a href=\"https:\/\/mo5.com\/fr\/evenement\/geek-connect-de-velizy-villacoublay\/?event_date=2025-11-22\" class=\"btn btn-default\" style=\"margin-bottom:10px;\">D\u00e9tails<\/a>\n            \n                    <\/div>\n                <a href=\"https:\/\/mo5.com\/fr\/evenement\/geek-connect-de-velizy-villacoublay\/?event_date=2025-11-22\" class=\"img-thumbnail\"><img decoding=\"async\" src=\"https:\/\/mo5.com\/wp-content\/uploads\/2025\/11\/GeekConnect-600x400.jpg\" class=\"attachment-imic_600x400 size-imic_600x400 wp-post-image\" alt=\"Geek&amp;Connect\" srcset=\"https:\/\/mo5.com\/wp-content\/uploads\/2025\/11\/GeekConnect-600x400.jpg 600w, https:\/\/mo5.com\/wp-content\/uploads\/2025\/11\/GeekConnect-272x182.jpg 272w\" sizes=\"(max-width: 600px) 100vw, 600px\" \/><\/a>\n                <div style=\"padding-left:130px;\">\n        <h3><a href=\"https:\/\/mo5.com\/fr\/evenement\/geek-connect-de-velizy-villacoublay\/?event_date=2025-11-22\">Geek &#038; Connect de V\u00e9lizy-Villacoublay<\/a><\/h3>\n                <div class=\"meta-data alt\">\n            <div><i class=\"fa fa-map-marker\"><\/i> <a href=\"https:\/\/mo5.com\/fr\/venue\/centre-sportif-robert-wagner\/\" rel=\"tag\">Centre sportif Robert Wagner<\/a><\/div>            <div><i class=\"fa fa-calendar\"><\/i> 22 novembre 2025 13:00 - 19:00<\/div>\n            <div><i class=\"fa fa-clock-o\"><\/i> 13:00 - 19:00<\/div>\n        <\/div>\n        <p class=\"event-excerpt\">Pour sa deuxi\u00e8me \u00e9dition, Geek &amp; Connect revient \u00e0 V\u00e9lizy-Villacoublay le 22 novembre 2025 au centre sportif Robert Wagner. Le salon est d\u00e9di\u00e9 aux jeux\u2026<\/p>        <\/div>\n    <\/li>\n\t<li class=\"event-list-item\">\n    \t<div class=\"pull-right\" style=\"max-width:100px\">\n            <a href=\"https:\/\/mo5.com\/fr\/evenement\/mo5-a-art-to-play-nantes-2025\/?event_date=2025-11-15\" class=\"btn btn-default\" style=\"margin-bottom:10px;\">D\u00e9tails<\/a>\n            \n                    <\/div>\n                <a href=\"https:\/\/mo5.com\/fr\/evenement\/mo5-a-art-to-play-nantes-2025\/?event_date=2025-11-15\" class=\"img-thumbnail\"><img decoding=\"async\" src=\"https:\/\/mo5.com\/wp-content\/uploads\/2025\/11\/ArtToPlay25-600x400.jpg\" class=\"attachment-imic_600x400 size-imic_600x400 wp-post-image\" alt=\"ArtToPlay25\" srcset=\"https:\/\/mo5.com\/wp-content\/uploads\/2025\/11\/ArtToPlay25-600x400.jpg 600w, https:\/\/mo5.com\/wp-content\/uploads\/2025\/11\/ArtToPlay25-272x182.jpg 272w\" sizes=\"(max-width: 600px) 100vw, 600px\" \/><\/a>\n                <div style=\"padding-left:130px;\">\n        <h3><a href=\"https:\/\/mo5.com\/fr\/evenement\/mo5-a-art-to-play-nantes-2025\/?event_date=2025-11-15\">MO5 \u00e0 Art to Play Nantes 2025<\/a><\/h3>\n                <div class=\"meta-data alt\">\n            <div><i class=\"fa fa-map-marker\"><\/i> <a href=\"https:\/\/mo5.com\/fr\/venue\/exponantes\/\" rel=\"tag\">Exponantes<\/a><\/div>            <div><i class=\"fa fa-calendar\"><\/i> 15 novembre 2025 09:00 - 16 novembre 2025 19:00<\/div>\n            <div><i class=\"fa fa-clock-o\"><\/i> 09:00 - 19:00<\/div>\n        <\/div>\n        <p class=\"event-excerpt\">Art to Play se d\u00e9roulera le 15 et 16 novembre 2025 au Parc des Expositions de Nantes (Exponantes). Apr\u00e8s 14 ans d'existence, le salon de\u2026<\/p>        <\/div>\n    <\/li>\n\t<li class=\"event-list-item\">\n    \t<div class=\"pull-right\" style=\"max-width:100px\">\n            <a href=\"https:\/\/mo5.com\/fr\/evenement\/paris-games-week-2025-avec-mo5\/?event_date=2025-10-30\" class=\"btn btn-default\" style=\"margin-bottom:10px;\">D\u00e9tails<\/a>\n            \n                    <\/div>\n                <a href=\"https:\/\/mo5.com\/fr\/evenement\/paris-games-week-2025-avec-mo5\/?event_date=2025-10-30\" class=\"img-thumbnail\"><img decoding=\"async\" src=\"https:\/\/mo5.com\/wp-content\/uploads\/2025\/10\/PGW_2025_affiche_12m2_400x300_au-1dixieme_FR_logos-600x400.jpg\" class=\"attachment-imic_600x400 size-imic_600x400 wp-post-image\" alt=\"PGW 2025 affiche 12m2 400x300 au 1dixieme FR logos\" srcset=\"https:\/\/mo5.com\/wp-content\/uploads\/2025\/10\/PGW_2025_affiche_12m2_400x300_au-1dixieme_FR_logos-600x400.jpg 600w, https:\/\/mo5.com\/wp-content\/uploads\/2025\/10\/PGW_2025_affiche_12m2_400x300_au-1dixieme_FR_logos-16x12.jpg 16w, https:\/\/mo5.com\/wp-content\/uploads\/2025\/10\/PGW_2025_affiche_12m2_400x300_au-1dixieme_FR_logos-272x182.jpg 272w\" sizes=\"(max-width: 600px) 100vw, 600px\" \/><\/a>\n                <div style=\"padding-left:130px;\">\n        <h3><a href=\"https:\/\/mo5.com\/fr\/evenement\/paris-games-week-2025-avec-mo5\/?event_date=2025-10-30\">Paris Games Week 2025 avec MO5 !<\/a><\/h3>\n                <div class=\"meta-data alt\">\n            <div><i class=\"fa fa-map-marker\"><\/i> <a href=\"https:\/\/mo5.com\/fr\/venue\/paris-expo-versailles\/\" rel=\"tag\">Paris Expo Porte de Versailles<\/a><\/div>            <div><i class=\"fa fa-calendar\"><\/i> 30 octobre 2025 09:30 - 2 novembre 2025 19:00<\/div>\n            <div><i class=\"fa fa-clock-o\"><\/i> 09:30 - 19:00<\/div>\n        <\/div>\n        <p class=\"event-excerpt\">Paris Games Week se r\u00e9invente pour cette \u00e9dition 2025 du 30 octobre au 2 novembre 2025 avec une nouvelle \u00e9quipe et une nouvelle programmation \u00e0\u2026<\/p>        <\/div>\n    <\/li>\n\t<li class=\"event-list-item\">\n    \t<div class=\"pull-right\" style=\"max-width:100px\">\n            <a href=\"https:\/\/mo5.com\/fr\/evenement\/semaine-du-jeu-a-bourg-la-reine-saison-3\/?event_date=2025-10-11\" class=\"btn btn-default\" style=\"margin-bottom:10px;\">D\u00e9tails<\/a>\n            \n                    <\/div>\n                <a href=\"https:\/\/mo5.com\/fr\/evenement\/semaine-du-jeu-a-bourg-la-reine-saison-3\/?event_date=2025-10-11\" class=\"img-thumbnail\"><img decoding=\"async\" src=\"https:\/\/mo5.com\/wp-content\/uploads\/2025\/10\/2025_10_Affiche_Semaine_du_Jeu_2025-450x400.png\" class=\"attachment-imic_600x400 size-imic_600x400 wp-post-image\" alt=\"2025 10 Affiche Semaine du Jeu 2025\" \/><\/a>\n                <div style=\"padding-left:130px;\">\n        <h3><a href=\"https:\/\/mo5.com\/fr\/evenement\/semaine-du-jeu-a-bourg-la-reine-saison-3\/?event_date=2025-10-11\">Semaine du Jeu \u00e0 Bourg-la-Reine, saison 3<\/a><\/h3>\n                <div class=\"meta-data alt\">\n            <div><i class=\"fa fa-map-marker\"><\/i> <a href=\"https:\/\/mo5.com\/fr\/venue\/mediatheque-francois-villon-bourg-la-reine\/\" rel=\"tag\">M\u00e9diath\u00e8que Fran\u00e7ois Villon Bourg-la-Reine<\/a><\/div>            <div><i class=\"fa fa-calendar\"><\/i> 11 octobre 2025 10:00 - 19 octobre 2025 18:00<\/div>\n            <div><i class=\"fa fa-clock-o\"><\/i> 10:00 - 18:00<\/div>\n        <\/div>\n        <p class=\"event-excerpt\">Soyez bienvenus \u00e0 la 3e Semaine du Jeu de Bourg-la-Reine du 11 au 19 octobre 2025. Puzzles, \u00e9checs g\u00e9ants et tables th\u00e9matiques sur le jeu\u2026<\/p>        <\/div>\n    <\/li>\n\t<li class=\"event-list-item\">\n    \t<div class=\"pull-right\" style=\"max-width:100px\">\n            <a href=\"https:\/\/mo5.com\/fr\/evenement\/38e-edition-de-paris-manga-avec-mo5\/?event_date=2025-10-04\" class=\"btn btn-default\" style=\"margin-bottom:10px;\">D\u00e9tails<\/a>\n            \n                    <\/div>\n                <a href=\"https:\/\/mo5.com\/fr\/evenement\/38e-edition-de-paris-manga-avec-mo5\/?event_date=2025-10-04\" class=\"img-thumbnail\"><img decoding=\"async\" src=\"https:\/\/mo5.com\/wp-content\/uploads\/2025\/09\/AffichePM38-600x400.jpg\" class=\"attachment-imic_600x400 size-imic_600x400 wp-post-image\" alt=\"AffichePM38\" srcset=\"https:\/\/mo5.com\/wp-content\/uploads\/2025\/09\/AffichePM38-600x400.jpg 600w, https:\/\/mo5.com\/wp-content\/uploads\/2025\/09\/AffichePM38-16x12.jpg 16w, https:\/\/mo5.com\/wp-content\/uploads\/2025\/09\/AffichePM38-272x182.jpg 272w\" sizes=\"(max-width: 600px) 100vw, 600px\" \/><\/a>\n                <div style=\"padding-left:130px;\">\n        <h3><a href=\"https:\/\/mo5.com\/fr\/evenement\/38e-edition-de-paris-manga-avec-mo5\/?event_date=2025-10-04\">38e \u00e9dition de Paris Manga avec MO5 !<\/a><\/h3>\n                <div class=\"meta-data alt\">\n            <div><i class=\"fa fa-map-marker\"><\/i> <a href=\"https:\/\/mo5.com\/fr\/venue\/paris-nord-villepinte\/\" rel=\"tag\">Parc des expositions Paris Nord Villepinte<\/a><\/div>            <div><i class=\"fa fa-calendar\"><\/i> 4 octobre 2025 09:30 - 5 octobre 2025 18:00<\/div>\n            <div><i class=\"fa fa-clock-o\"><\/i> 09:30 - 18:00<\/div>\n        <\/div>\n        <p class=\"event-excerpt\">Paris Manga &amp; Sci-Fi Show est de retour ce 4 et 5 octobre 2025\u00a0 pour une 38e \u00e9dition au Parc des Expositions Paris Nord Villepinte.\u2026<\/p>        <\/div>\n    <\/li>\n\t<li class=\"event-list-item\">\n    \t<div class=\"pull-right\" style=\"max-width:100px\">\n            <a href=\"https:\/\/mo5.com\/fr\/evenement\/biblis-en-folie-a-chatenay-malabry\/?event_date=2025-09-26\" class=\"btn btn-default\" style=\"margin-bottom:10px;\">D\u00e9tails<\/a>\n            \n                    <\/div>\n                <a href=\"https:\/\/mo5.com\/fr\/evenement\/biblis-en-folie-a-chatenay-malabry\/?event_date=2025-09-26\" class=\"img-thumbnail\"><img decoding=\"async\" src=\"https:\/\/mo5.com\/wp-content\/uploads\/2025\/09\/Biblis-en-Folie2025-600x400.png\" class=\"attachment-imic_600x400 size-imic_600x400 wp-post-image\" alt=\"Biblis en Folie2025\" srcset=\"https:\/\/mo5.com\/wp-content\/uploads\/2025\/09\/Biblis-en-Folie2025-600x400.png 600w, https:\/\/mo5.com\/wp-content\/uploads\/2025\/09\/Biblis-en-Folie2025-272x182.png 272w\" sizes=\"(max-width: 600px) 100vw, 600px\" \/><\/a>\n                <div style=\"padding-left:130px;\">\n        <h3><a href=\"https:\/\/mo5.com\/fr\/evenement\/biblis-en-folie-a-chatenay-malabry\/?event_date=2025-09-26\">Biblis en folie \u00e0 Ch\u00e2tenay-Malabry<\/a><\/h3>\n                <div class=\"meta-data alt\">\n            <div><i class=\"fa fa-map-marker\"><\/i> <a href=\"https:\/\/mo5.com\/fr\/venue\/mediatheque-de-chatenay-malabry\/\" rel=\"tag\">M\u00e9diath\u00e8que de Ch\u00e2tenay-Malabry<\/a><\/div>            <div><i class=\"fa fa-calendar\"><\/i> 26 septembre 2025 20:00 - 4 octobre 2025 18:00<\/div>\n            <div><i class=\"fa fa-clock-o\"><\/i> 20:00 - 18:00<\/div>\n        <\/div>\n        <p class=\"event-excerpt\">La M\u00e9diath\u00e8que de Ch\u00e2tenay-Malabry vous invite \u00e0 leur version de Biblis en folie du 26 septembre au 4 octobre 2025. Suite \u00e0 une l'exposition sur\u2026<\/p>        <\/div>\n    <\/li>\n\t<li class=\"event-list-item\">\n    \t<div class=\"pull-right\" style=\"max-width:100px\">\n            <a href=\"https:\/\/mo5.com\/fr\/evenement\/play-sorbonne-festival-avec-mo5\/?event_date=2025-09-20\" class=\"btn btn-default\" style=\"margin-bottom:10px;\">D\u00e9tails<\/a>\n            \n                    <\/div>\n                <a href=\"https:\/\/mo5.com\/fr\/evenement\/play-sorbonne-festival-avec-mo5\/?event_date=2025-09-20\" class=\"img-thumbnail\"><img decoding=\"async\" src=\"https:\/\/mo5.com\/wp-content\/uploads\/2025\/09\/PlaySorbonne2025-600x400.jpg\" class=\"attachment-imic_600x400 size-imic_600x400 wp-post-image\" alt=\"PlaySorbonne2025\" srcset=\"https:\/\/mo5.com\/wp-content\/uploads\/2025\/09\/PlaySorbonne2025-600x400.jpg 600w, https:\/\/mo5.com\/wp-content\/uploads\/2025\/09\/PlaySorbonne2025-272x182.jpg 272w\" sizes=\"(max-width: 600px) 100vw, 600px\" \/><\/a>\n                <div style=\"padding-left:130px;\">\n        <h3><a href=\"https:\/\/mo5.com\/fr\/evenement\/play-sorbonne-festival-avec-mo5\/?event_date=2025-09-20\">Play Sorbonne Festival avec MO5 !<\/a><\/h3>\n                <div class=\"meta-data alt\">\n            <div><i class=\"fa fa-map-marker\"><\/i> <a href=\"https:\/\/mo5.com\/fr\/venue\/sorbonne-universite\/\" rel=\"tag\">Sorbonne Universit\u00e9<\/a><\/div>            <div><i class=\"fa fa-calendar\"><\/i> 20 septembre 2025 10:00 - 19:00<\/div>\n            <div><i class=\"fa fa-clock-o\"><\/i> 10:00 - 19:00<\/div>\n        <\/div>\n        <p class=\"event-excerpt\">Play Sorbonne Festival est l\u2019\u00e9v\u00e9nement \u00e9tudiant jeu vid\u00e9o se d\u00e9roulant le 20 septembre 2025 \u00e0 l'Universit\u00e9 de la Sorbonne. Il permet \u00e0 tous de profiter\u2026<\/p>        <\/div>\n    <\/li>\n\t<li class=\"event-list-item\">\n    \t<div class=\"pull-right\" style=\"max-width:100px\">\n            <a href=\"https:\/\/mo5.com\/fr\/evenement\/mo5-a-japan-expo-2025\/?event_date=2025-07-03\" class=\"btn btn-default\" style=\"margin-bottom:10px;\">D\u00e9tails<\/a>\n            \n                    <\/div>\n                <a href=\"https:\/\/mo5.com\/fr\/evenement\/mo5-a-japan-expo-2025\/?event_date=2025-07-03\" class=\"img-thumbnail\"><img decoding=\"async\" src=\"https:\/\/mo5.com\/wp-content\/uploads\/2025\/06\/Japan25-600x400.jpg\" class=\"attachment-imic_600x400 size-imic_600x400 wp-post-image\" alt=\"Japan25\" srcset=\"https:\/\/mo5.com\/wp-content\/uploads\/2025\/06\/Japan25-600x400.jpg 600w, https:\/\/mo5.com\/wp-content\/uploads\/2025\/06\/Japan25-272x182.jpg 272w\" sizes=\"(max-width: 600px) 100vw, 600px\" \/><\/a>\n                <div style=\"padding-left:130px;\">\n        <h3><a href=\"https:\/\/mo5.com\/fr\/evenement\/mo5-a-japan-expo-2025\/?event_date=2025-07-03\">MO5 \u00e0 Japan Expo 2025 !<\/a><\/h3>\n                <div class=\"meta-data alt\">\n            <div><i class=\"fa fa-map-marker\"><\/i> <a href=\"https:\/\/mo5.com\/fr\/venue\/paris-nord-villepinte\/\" rel=\"tag\">Parc des expositions Paris Nord Villepinte<\/a><\/div>            <div><i class=\"fa fa-calendar\"><\/i> 3 juillet 2025 09:00 - 6 juillet 2025 18:30<\/div>\n            <div><i class=\"fa fa-clock-o\"><\/i> 09:00 - 18:30<\/div>\n        <\/div>\n        <p class=\"event-excerpt\">Japan Expo est de retour au Parc des Expositions Paris-Nord Villepinte du 3 au 6 juillet 2025 ! Le salon est incontournable pour les amoureux\u2026<\/p>        <\/div>\n    <\/li>\n\t<li class=\"event-list-item\">\n    \t<div class=\"pull-right\" style=\"max-width:100px\">\n            <a href=\"https:\/\/mo5.com\/fr\/evenement\/game-in-noisy-5e-edition-avec-mo5\/?event_date=2025-06-04\" class=\"btn btn-default\" style=\"margin-bottom:10px;\">D\u00e9tails<\/a>\n            \n                    <\/div>\n                <a href=\"https:\/\/mo5.com\/fr\/evenement\/game-in-noisy-5e-edition-avec-mo5\/?event_date=2025-06-04\" class=\"img-thumbnail\"><img decoding=\"async\" src=\"https:\/\/mo5.com\/wp-content\/uploads\/2025\/06\/Banner-game-in-noisy-siteweb3-1024x439-1-600x400.png\" class=\"attachment-imic_600x400 size-imic_600x400 wp-post-image\" alt=\"Banner game in noisy siteweb3 1024x439\" srcset=\"https:\/\/mo5.com\/wp-content\/uploads\/2025\/06\/Banner-game-in-noisy-siteweb3-1024x439-1-600x400.png 600w, https:\/\/mo5.com\/wp-content\/uploads\/2025\/06\/Banner-game-in-noisy-siteweb3-1024x439-1-272x182.png 272w\" sizes=\"(max-width: 600px) 100vw, 600px\" \/><\/a>\n                <div style=\"padding-left:130px;\">\n        <h3><a href=\"https:\/\/mo5.com\/fr\/evenement\/game-in-noisy-5e-edition-avec-mo5\/?event_date=2025-06-04\">Game in Noisy 5e \u00e9dition avec MO5 !<\/a><\/h3>\n                <div class=\"meta-data alt\">\n            <div><i class=\"fa fa-map-marker\"><\/i> <a href=\"https:\/\/mo5.com\/fr\/venue\/micro-folie-noisy-le-sec\/\" rel=\"tag\">Micro-Folie Noisy-le-Sec<\/a><\/div>            <div><i class=\"fa fa-calendar\"><\/i> 4 juin 2025 17:00 - 10 juin 2025 18:00<\/div>\n            <div><i class=\"fa fa-clock-o\"><\/i> 17:00 - 18:00<\/div>\n        <\/div>\n        <p class=\"event-excerpt\">Retour \u00e0 la Micro Folie de Noisy-le-Sec du 4 au 10 juin 2025 pour la 5e \u00e9dition de\u00a0Game in Noisy ! Cette semaine organis\u00e9e dans\u2026<\/p>        <\/div>\n    <\/li>\n\t<li class=\"event-list-item\">\n    \t<div class=\"pull-right\" style=\"max-width:100px\">\n            <a href=\"https:\/\/mo5.com\/fr\/evenement\/mo5-aux-20-ans-de-polymanga\/?event_date=2025-04-18\" class=\"btn btn-default\" style=\"margin-bottom:10px;\">D\u00e9tails<\/a>\n            \n                    <\/div>\n                <a href=\"https:\/\/mo5.com\/fr\/evenement\/mo5-aux-20-ans-de-polymanga\/?event_date=2025-04-18\" class=\"img-thumbnail\"><img decoding=\"async\" src=\"https:\/\/mo5.com\/wp-content\/uploads\/2025\/04\/Polymanga25-600x400.jpg\" class=\"attachment-imic_600x400 size-imic_600x400 wp-post-image\" alt=\"Polymanga25\" srcset=\"https:\/\/mo5.com\/wp-content\/uploads\/2025\/04\/Polymanga25-600x400.jpg 600w, https:\/\/mo5.com\/wp-content\/uploads\/2025\/04\/Polymanga25-272x182.jpg 272w\" sizes=\"(max-width: 600px) 100vw, 600px\" \/><\/a>\n                <div style=\"padding-left:130px;\">\n        <h3><a href=\"https:\/\/mo5.com\/fr\/evenement\/mo5-aux-20-ans-de-polymanga\/?event_date=2025-04-18\">MO5 aux 20 ans de Polymanga !<\/a><\/h3>\n                <div class=\"meta-data alt\">\n            <div><i class=\"fa fa-map-marker\"><\/i> <a href=\"https:\/\/mo5.com\/fr\/venue\/beaulieu-lausanne\/\" rel=\"tag\">Beaulieu Lausanne<\/a><\/div>            <div><i class=\"fa fa-calendar\"><\/i> 18 avril 2025 08:00 - 21 avril 2025 18:30<\/div>\n            <div><i class=\"fa fa-clock-o\"><\/i> 08:00 - 18:30<\/div>\n        <\/div>\n        <p class=\"event-excerpt\">Polymanga vous accueille du 18 au 21 avril 2025 \u00e0 Beaulieu Lausanne en Suisse. Cette ann\u00e9e, le plus grand \u00e9v\u00e9nement suisse sur la culture pop,\u2026<\/p>        <\/div>\n    <\/li>\n\t<li class=\"event-list-item\">\n    \t<div class=\"pull-right\" style=\"max-width:100px\">\n            <a href=\"https:\/\/mo5.com\/fr\/evenement\/37e-paris-manga-avec-mo5\/?event_date=2025-03-15\" class=\"btn btn-default\" style=\"margin-bottom:10px;\">D\u00e9tails<\/a>\n            \n                    <\/div>\n                <a href=\"https:\/\/mo5.com\/fr\/evenement\/37e-paris-manga-avec-mo5\/?event_date=2025-03-15\" class=\"img-thumbnail\"><img decoding=\"async\" src=\"https:\/\/mo5.com\/wp-content\/uploads\/2025\/03\/ParisManga2025n1paysage-600x400.jpg\" class=\"attachment-imic_600x400 size-imic_600x400 wp-post-image\" alt=\"ParisManga2025n1paysage\" srcset=\"https:\/\/mo5.com\/wp-content\/uploads\/2025\/03\/ParisManga2025n1paysage-600x400.jpg 600w, https:\/\/mo5.com\/wp-content\/uploads\/2025\/03\/ParisManga2025n1paysage-16x12.jpg 16w, https:\/\/mo5.com\/wp-content\/uploads\/2025\/03\/ParisManga2025n1paysage-272x182.jpg 272w\" sizes=\"(max-width: 600px) 100vw, 600px\" \/><\/a>\n                <div style=\"padding-left:130px;\">\n        <h3><a href=\"https:\/\/mo5.com\/fr\/evenement\/37e-paris-manga-avec-mo5\/?event_date=2025-03-15\">37e Paris Manga avec MO5 !<\/a><\/h3>\n                <div class=\"meta-data alt\">\n            <div><i class=\"fa fa-map-marker\"><\/i> <a href=\"https:\/\/mo5.com\/fr\/venue\/paris-nord-villepinte\/\" rel=\"tag\">Parc des expositions Paris Nord Villepinte<\/a><\/div>            <div><i class=\"fa fa-calendar\"><\/i> 15 mars 2025 09:30 - 16 mars 2025 18:00<\/div>\n            <div><i class=\"fa fa-clock-o\"><\/i> 09:30 - 18:00<\/div>\n        <\/div>\n        <p class=\"event-excerpt\">Nous nous retrouverons \u00e0 Paris Manga &amp; Sci-Fi Show ce samedi et dimanche 15 et 16 mars 2025 au Parc des Expositions Paris Nord Villepinte.\u2026<\/p>        <\/div>\n    <\/li>\n\t<li class=\"event-list-item\">\n    \t<div class=\"pull-right\" style=\"max-width:100px\">\n            <a href=\"https:\/\/mo5.com\/fr\/evenement\/mo5-a-versailles-esport-7e-edition\/?event_date=2025-03-01\" class=\"btn btn-default\" style=\"margin-bottom:10px;\">D\u00e9tails<\/a>\n            \n                    <\/div>\n                <a href=\"https:\/\/mo5.com\/fr\/evenement\/mo5-a-versailles-esport-7e-edition\/?event_date=2025-03-01\" class=\"img-thumbnail\"><img decoding=\"async\" src=\"https:\/\/mo5.com\/wp-content\/uploads\/2025\/03\/40x60-Tournoi-Esport-2025-RVB-600x400.jpg\" class=\"attachment-imic_600x400 size-imic_600x400 wp-post-image\" alt=\"40x60 Tournoi Esport 2025 RVB\" srcset=\"https:\/\/mo5.com\/wp-content\/uploads\/2025\/03\/40x60-Tournoi-Esport-2025-RVB-600x400.jpg 600w, https:\/\/mo5.com\/wp-content\/uploads\/2025\/03\/40x60-Tournoi-Esport-2025-RVB-272x182.jpg 272w\" sizes=\"(max-width: 600px) 100vw, 600px\" \/><\/a>\n                <div style=\"padding-left:130px;\">\n        <h3><a href=\"https:\/\/mo5.com\/fr\/evenement\/mo5-a-versailles-esport-7e-edition\/?event_date=2025-03-01\">MO5 \u00e0 Versailles Esport 7e \u00e9dition !<\/a><\/h3>\n                <div class=\"meta-data alt\">\n            <div><i class=\"fa fa-map-marker\"><\/i> <a href=\"https:\/\/mo5.com\/fr\/venue\/hotel-de-ville-de-versailles\/\" rel=\"tag\">H\u00f4tel de ville de Versailles<\/a><\/div>            <div><i class=\"fa fa-calendar\"><\/i> 1 mars 2025 11:00 - 18:00<\/div>\n            <div><i class=\"fa fa-clock-o\"><\/i> 11:00 - 18:00<\/div>\n        <\/div>\n        <p class=\"event-excerpt\">L'H\u00f4tel de ville de Versailles accueille ce samedi 1er mars la 7e \u00e9dition de Versailles Esport ! De nombreux tournois seront propos\u00e9s : FC25, Super\u2026<\/p>        <\/div>\n    <\/li>\n\t<li class=\"event-list-item\">\n    \t<div class=\"pull-right\" style=\"max-width:100px\">\n            <a href=\"https:\/\/mo5.com\/fr\/evenement\/retro-gaming-play-lvl-4\/?event_date=2025-02-22\" class=\"btn btn-default\" style=\"margin-bottom:10px;\">D\u00e9tails<\/a>\n            \n                    <\/div>\n                <a href=\"https:\/\/mo5.com\/fr\/evenement\/retro-gaming-play-lvl-4\/?event_date=2025-02-22\" class=\"img-thumbnail\"><img decoding=\"async\" src=\"https:\/\/mo5.com\/wp-content\/uploads\/2025\/03\/RGBlvl4-600x400.jpg\" class=\"attachment-imic_600x400 size-imic_600x400 wp-post-image\" alt=\"RGBlvl4\" srcset=\"https:\/\/mo5.com\/wp-content\/uploads\/2025\/03\/RGBlvl4-600x400.jpg 600w, https:\/\/mo5.com\/wp-content\/uploads\/2025\/03\/RGBlvl4-272x182.jpg 272w\" sizes=\"(max-width: 600px) 100vw, 600px\" \/><\/a>\n                <div style=\"padding-left:130px;\">\n        <h3><a href=\"https:\/\/mo5.com\/fr\/evenement\/retro-gaming-play-lvl-4\/?event_date=2025-02-22\">Retro Gaming Play Lvl 4<\/a><\/h3>\n                <div class=\"meta-data alt\">\n            <div><i class=\"fa fa-map-marker\"><\/i> <a href=\"https:\/\/mo5.com\/fr\/venue\/colisee-de-meaux\/\" rel=\"tag\">Colis\u00e9e de Meaux<\/a><\/div>            <div><i class=\"fa fa-calendar\"><\/i> 22 f\u00e9vrier 2025 10:30 - 23 f\u00e9vrier 2025 17:00<\/div>\n            <div><i class=\"fa fa-clock-o\"><\/i> 10:30 - 17:00<\/div>\n        <\/div>\n        <p class=\"event-excerpt\">Le Retrogaming Play est de retour les 22 et 23 f\u00e9vrier 2025 pour son lvl 4 ! Toujours au Colis\u00e9e de Meaux cet \u00e9v\u00e9nement propose\u2026<\/p>        <\/div>\n    <\/li>\n\t<li class=\"event-list-item\">\n    \t<div class=\"pull-right\" style=\"max-width:100px\">\n            <a href=\"https:\/\/mo5.com\/fr\/evenement\/mo5-fete-a-la-paris-games-week-les-30-ans-de-la-saturn-et-de-la-ps1\/?event_date=2024-10-23\" class=\"btn btn-default\" style=\"margin-bottom:10px;\">D\u00e9tails<\/a>\n            \n                    <\/div>\n                <a href=\"https:\/\/mo5.com\/fr\/evenement\/mo5-fete-a-la-paris-games-week-les-30-ans-de-la-saturn-et-de-la-ps1\/?event_date=2024-10-23\" class=\"img-thumbnail\"><img decoding=\"async\" src=\"https:\/\/mo5.com\/wp-content\/uploads\/2024\/10\/Affiche-PGW24-A3-600x400.jpg\" class=\"attachment-imic_600x400 size-imic_600x400 wp-post-image\" alt=\"Affiche PGW24 A3\" srcset=\"https:\/\/mo5.com\/wp-content\/uploads\/2024\/10\/Affiche-PGW24-A3-600x400.jpg 600w, https:\/\/mo5.com\/wp-content\/uploads\/2024\/10\/Affiche-PGW24-A3-272x182.jpg 272w\" sizes=\"(max-width: 600px) 100vw, 600px\" \/><\/a>\n                <div style=\"padding-left:130px;\">\n        <h3><a href=\"https:\/\/mo5.com\/fr\/evenement\/mo5-fete-a-la-paris-games-week-les-30-ans-de-la-saturn-et-de-la-ps1\/?event_date=2024-10-23\">MO5 f\u00eate \u00e0 la Paris Games Week les 30 ans de la Saturn et de la PS1 !<\/a><\/h3>\n                <div class=\"meta-data alt\">\n            <div><i class=\"fa fa-map-marker\"><\/i> <a href=\"https:\/\/mo5.com\/fr\/venue\/paris-expo-versailles\/\" rel=\"tag\">Paris Expo Porte de Versailles<\/a><\/div>            <div><i class=\"fa fa-calendar\"><\/i> 23 octobre 2024 09:00 - 27 octobre 2024 19:00<\/div>\n            <div><i class=\"fa fa-clock-o\"><\/i> 09:00 - 19:00<\/div>\n        <\/div>\n        <p class=\"event-excerpt\">La Paris Games Week est de retour pour une \u00e9dition 2024 du 23 au 27 octobre \u00e0 Paris Expo Porte de Versailles. C'est le salon\u2026<\/p>        <\/div>\n    <\/li>\n\t<li class=\"event-list-item\">\n    \t<div class=\"pull-right\" style=\"max-width:100px\">\n            <a href=\"https:\/\/mo5.com\/fr\/evenement\/game-story-de-retour-a-versailles\/?event_date=2024-10-19\" class=\"btn btn-default\" style=\"margin-bottom:10px;\">D\u00e9tails<\/a>\n            \n                    <\/div>\n                <a href=\"https:\/\/mo5.com\/fr\/evenement\/game-story-de-retour-a-versailles\/?event_date=2024-10-19\" class=\"img-thumbnail\"><img decoding=\"async\" src=\"https:\/\/mo5.com\/wp-content\/uploads\/2024\/07\/image-600x400.png\" class=\"attachment-imic_600x400 size-imic_600x400 wp-post-image\" alt=\"image\" srcset=\"https:\/\/mo5.com\/wp-content\/uploads\/2024\/07\/image-600x400.png 600w, https:\/\/mo5.com\/wp-content\/uploads\/2024\/07\/image-272x182.png 272w\" sizes=\"(max-width: 600px) 100vw, 600px\" \/><\/a>\n                <div style=\"padding-left:130px;\">\n        <h3><a href=\"https:\/\/mo5.com\/fr\/evenement\/game-story-de-retour-a-versailles\/?event_date=2024-10-19\">Game Story de retour \u00e0 Versailles !<\/a><\/h3>\n                <div class=\"meta-data alt\">\n            <div><i class=\"fa fa-map-marker\"><\/i> <a href=\"https:\/\/mo5.com\/fr\/venue\/ancienne-poste-de-versailles\/\" rel=\"tag\">Ancienne Poste de Versailles<\/a><\/div>            <div><i class=\"fa fa-calendar\"><\/i> 19 octobre 2024 10:00 - 13 avril 2025 19:00<\/div>\n            <div><i class=\"fa fa-clock-o\"><\/i> 10:00 - 19:00<\/div>\n        <\/div>\n        <p class=\"event-excerpt\">La Ville de Versailles et l'association MO5 pr\u00e9sentent la plus grande r\u00e9trospective de jeu vid\u00e9o d'Europe, Game Story, \u00e0 l\u2019Ancienne Poste au c\u0153ur de Versailles,\u2026<\/p>        <\/div>\n    <\/li>\n\t<li class=\"event-list-item\">\n    \t<div class=\"pull-right\" style=\"max-width:100px\">\n            <a href=\"https:\/\/mo5.com\/fr\/evenement\/mo5-au-36e-paris-manga-sci-fi-show\/?event_date=2024-10-05\" class=\"btn btn-default\" style=\"margin-bottom:10px;\">D\u00e9tails<\/a>\n            \n                    <\/div>\n                <a href=\"https:\/\/mo5.com\/fr\/evenement\/mo5-au-36e-paris-manga-sci-fi-show\/?event_date=2024-10-05\" class=\"img-thumbnail\"><img decoding=\"async\" src=\"https:\/\/mo5.com\/wp-content\/uploads\/2024\/09\/0rFhQ0hf-600x400.jpeg\" class=\"attachment-imic_600x400 size-imic_600x400 wp-post-image\" alt=\"0rFhQ0hf\" srcset=\"https:\/\/mo5.com\/wp-content\/uploads\/2024\/09\/0rFhQ0hf-600x400.jpeg 600w, https:\/\/mo5.com\/wp-content\/uploads\/2024\/09\/0rFhQ0hf-272x182.jpeg 272w\" sizes=\"(max-width: 600px) 100vw, 600px\" \/><\/a>\n                <div style=\"padding-left:130px;\">\n        <h3><a href=\"https:\/\/mo5.com\/fr\/evenement\/mo5-au-36e-paris-manga-sci-fi-show\/?event_date=2024-10-05\">MO5 au 36e Paris Manga &#038; Sci-Fi Show !<\/a><\/h3>\n                <div class=\"meta-data alt\">\n            <div><i class=\"fa fa-map-marker\"><\/i> <a href=\"https:\/\/mo5.com\/fr\/venue\/paris-nord-villepinte\/\" rel=\"tag\">Parc des expositions Paris Nord Villepinte<\/a><\/div>            <div><i class=\"fa fa-calendar\"><\/i> 5 octobre 2024 09:00 - 6 octobre 2024 18:00<\/div>\n            <div><i class=\"fa fa-clock-o\"><\/i> 09:00 - 18:00<\/div>\n        <\/div>\n        <p class=\"event-excerpt\">Paris Manga &amp; Sci-Fi Show by TGS retourne au Parc des Expositions Paris Nord Villepinte le 5 et 6 octobre 2024 pour sa 36\u00e8me \u00e9dition.\u2026<\/p>        <\/div>\n    <\/li>\n\t<li class=\"event-list-item\">\n    \t<div class=\"pull-right\" style=\"max-width:100px\">\n            <a href=\"https:\/\/mo5.com\/fr\/evenement\/japan-expo-2024-avec-mo5\/?event_date=2024-07-11\" class=\"btn btn-default\" style=\"margin-bottom:10px;\">D\u00e9tails<\/a>\n            \n                    <\/div>\n                <a href=\"https:\/\/mo5.com\/fr\/evenement\/japan-expo-2024-avec-mo5\/?event_date=2024-07-11\" class=\"img-thumbnail\"><img decoding=\"async\" src=\"https:\/\/mo5.com\/wp-content\/uploads\/2024\/06\/2407-COM-AFF-A4-HD-600x400.jpg\" class=\"attachment-imic_600x400 size-imic_600x400 wp-post-image\" alt=\"2407 COM AFF A4 HD\" srcset=\"https:\/\/mo5.com\/wp-content\/uploads\/2024\/06\/2407-COM-AFF-A4-HD-600x400.jpg 600w, https:\/\/mo5.com\/wp-content\/uploads\/2024\/06\/2407-COM-AFF-A4-HD-272x182.jpg 272w\" sizes=\"(max-width: 600px) 100vw, 600px\" \/><\/a>\n                <div style=\"padding-left:130px;\">\n        <h3><a href=\"https:\/\/mo5.com\/fr\/evenement\/japan-expo-2024-avec-mo5\/?event_date=2024-07-11\">Japan Expo 2024 avec MO5 !<\/a><\/h3>\n                <div class=\"meta-data alt\">\n            <div><i class=\"fa fa-map-marker\"><\/i> <a href=\"https:\/\/mo5.com\/fr\/venue\/paris-nord-villepinte\/\" rel=\"tag\">Parc des expositions Paris Nord Villepinte<\/a><\/div>            <div><i class=\"fa fa-calendar\"><\/i> 11 juillet 2024 09:00 - 18:30<\/div>\n            <div><i class=\"fa fa-clock-o\"><\/i> 09:00 - 18:30<\/div>\n        <\/div>\n        <p class=\"event-excerpt\">Japan Expo retourne au Parc des Expositions Paris-Nord Villepinte pour une \u00e9dition 2024 du 11 au 14 juillet ! Le plus grand festival fran\u00e7ais d\u00e9di\u00e9\u2026<\/p>        <\/div>\n    <\/li>\n<\/ul>\n<!-- Pagination -->\n<ul class=\"pagination\"><li><a href=\"https:\/\/mo5.com\/fr\/wp-json\/wp\/v2\/pages\/322\/\" title=\"First\"><i class=\"fa fa-angle-double-left\"><\/i><\/a><\/li><li class=\"active\"><span>1<\/span><\/li><li><a href='https:\/\/mo5.com\/fr\/wp-json\/wp\/v2\/pages\/322\/page\/2\/' class=\"\">2<\/a><\/li><li><a href='https:\/\/mo5.com\/fr\/wp-json\/wp\/v2\/pages\/322\/page\/3\/' class=\"\">3<\/a><\/li><li><a href='https:\/\/mo5.com\/fr\/wp-json\/wp\/v2\/pages\/322\/page\/4\/' class=\"\">4<\/a><\/li><li><a href='https:\/\/mo5.com\/fr\/wp-json\/wp\/v2\/pages\/322\/page\/5\/' class=\"\">5<\/a><\/li><li><a href='https:\/\/mo5.com\/fr\/wp-json\/wp\/v2\/pages\/322\/page\/6\/' class=\"\">6<\/a><\/li><li><a href='https:\/\/mo5.com\/fr\/wp-json\/wp\/v2\/pages\/322\/page\/7\/' class=\"\">7<\/a><\/li><li><a href='https:\/\/mo5.com\/fr\/wp-json\/wp\/v2\/pages\/322\/page\/8\/' class=\"\">8<\/a><\/li><li><a href='https:\/\/mo5.com\/fr\/wp-json\/wp\/v2\/pages\/322\/page\/9\/' class=\"\">9<\/a><\/li><li><a href='https:\/\/mo5.com\/fr\/wp-json\/wp\/v2\/pages\/322\/page\/10\/' class=\"\">10<\/a><\/li><li><a href='https:\/\/mo5.com\/fr\/wp-json\/wp\/v2\/pages\/322\/page\/11\/' class=\"\">11<\/a><\/li><li><a href='https:\/\/mo5.com\/fr\/wp-json\/wp\/v2\/pages\/322\/page\/12\/' class=\"\">12<\/a><\/li><li><a href='https:\/\/mo5.com\/fr\/wp-json\/wp\/v2\/pages\/322\/page\/13\/' class=\"\">13<\/a><\/li><li><a href=\"https:\/\/mo5.com\/fr\/wp-json\/wp\/v2\/pages\/322\/page\/2\/\" title=\"Next\"><i class=\"fa fa-angle-right\"><\/i><\/a><\/li><li><a href=\"https:\/\/mo5.com\/fr\/wp-json\/wp\/v2\/pages\/322\/page\/13\/\" title=\"Last\"><i class=\"fa fa-angle-double-right\"><\/i><\/a><\/li><\/ul><\/div><\/div><\/div><\/div><\/div>","protected":false},"excerpt":{"rendered":"<p>Prochains \u00e9v\u00e8nements 30 Avr, 26 A venir Le Mus\u00e9e du Jeu Vid\u00e9o par MO5 Le Mus\u00e9e du Jeu Vid\u00e9o jeudi, 14:00 &#8211; 18:00 Ouverture du Mus\u00e9e du Jeu Vid\u00e9o de MO5 : le patrimoine num\u00e9rique \u00e0 Paris Le Mus\u00e9e du Jeu Vid\u00e9o de MO5 est la r\u00e9alisation concr\u00e8te\u2026 En savoir plus 30 Avr, 26 A venir Video Games &#038; Music \u00e0 la Philharmonie de Paris Philharmonie de Paris jeudi, 12:00 &#8211; 19:00 Du 2 avril au 1er novembre 2026, la Philharmonie de Paris nous propose l&#8217;exposition Video Games &amp; Music retra\u00e7ant l&#8217;histoire des liens entre la musique\u2026 En savoir plus Chercher une exposition : Derniers \u00e9v\u00e8nements D\u00e9tails Polymanga 2026 avec MO5 ! Beaulieu Lausanne 3 avril 2026 09:00 &#8211; 6 avril 2026 18:30 09:00 &#8211; 18:30 Polymanga retourne cette ann\u00e9e \u00e0 Beaulieu \u00e0 Lausanne pour ce week-end de P\u00e2ques du 3 au 6 avril 2026. Cette grande convention suisse est d\u00e9di\u00e9e\u2026 D\u00e9tails MO5 \u00e0 la 39e \u00e9dition de Paris Manga ! Parc des expositions Paris Nord Villepinte 14 mars 2026 09:00 &#8211; 15 mars 2026 18:00 09:00 &#8211; 18:00 La 39e \u00e9dition de Paris Manga &amp; Sci-Fi Show ouvre ses portes les 14 et 15 mars 2026\u00a0 au Parc des Expositions Paris Nord Villepinte.\u2026 D\u00e9tails RetroGaming Play Lvl 5 avec MO5 Colis\u00e9e de Meaux 28 f\u00e9vrier 2026 10:30 &#8211; 1 mars 2026 17:00 10:30 &#8211; 17:00 Retrouvez ce 28 f\u00e9vrier et 1er mars le festival RetroGaming Play Lvl 5 (RGplay 2026) au Colis\u00e9e de Meaux ! Ce grand classique du milieu\u2026 D\u00e9tails Geek &#038; Connect de V\u00e9lizy-Villacoublay Centre sportif Robert Wagner 22 novembre 2025 13:00 &#8211; 19:00 13:00 &#8211; 19:00 Pour sa deuxi\u00e8me \u00e9dition, Geek &amp; Connect revient \u00e0 V\u00e9lizy-Villacoublay le 22 novembre 2025 au centre sportif Robert Wagner. Le salon est d\u00e9di\u00e9 aux jeux\u2026 D\u00e9tails MO5 \u00e0 Art to Play Nantes 2025 Exponantes 15 novembre 2025 09:00 &#8211; 16 novembre 2025 19:00 09:00 &#8211; 19:00 Art to Play se d\u00e9roulera le 15 et 16 novembre 2025 au Parc des Expositions de Nantes (Exponantes). Apr\u00e8s 14 ans d&#8217;existence, le salon de\u2026 D\u00e9tails Paris Games Week 2025 avec MO5 ! Paris Expo Porte de Versailles 30 octobre 2025 09:30 &#8211; 2 novembre 2025 19:00 09:30 &#8211; 19:00 Paris Games Week se r\u00e9invente pour cette \u00e9dition 2025 du 30 octobre au 2 novembre 2025 avec une nouvelle \u00e9quipe et une nouvelle programmation \u00e0\u2026 D\u00e9tails Semaine du Jeu \u00e0 Bourg-la-Reine, saison 3 M\u00e9diath\u00e8que Fran\u00e7ois Villon Bourg-la-Reine 11 octobre 2025 10:00 &#8211; 19 octobre 2025 18:00 10:00 &#8211; 18:00 Soyez bienvenus \u00e0 la 3e Semaine du Jeu de Bourg-la-Reine du 11 au 19 octobre 2025. Puzzles, \u00e9checs g\u00e9ants et tables th\u00e9matiques sur le jeu\u2026 D\u00e9tails 38e \u00e9dition de Paris Manga avec MO5 ! Parc des expositions Paris Nord Villepinte 4 octobre 2025 09:30 &#8211; 5 octobre 2025 18:00 09:30 &#8211; 18:00 Paris Manga &amp; Sci-Fi Show est de retour ce 4 et 5 octobre 2025\u00a0 pour une 38e \u00e9dition au Parc des Expositions Paris Nord Villepinte.\u2026 D\u00e9tails Biblis en folie \u00e0 Ch\u00e2tenay-Malabry M\u00e9diath\u00e8que de Ch\u00e2tenay-Malabry 26 septembre 2025 20:00 &#8211; 4 octobre 2025 18:00 20:00 &#8211; 18:00 La M\u00e9diath\u00e8que de Ch\u00e2tenay-Malabry vous invite \u00e0 [&hellip;]<\/p>\n","protected":false},"author":321,"featured_media":4906,"parent":0,"menu_order":0,"comment_status":"closed","ping_status":"closed","template":"","meta":{"_acf_changed":false,"give_campaign_id":0,"footnotes":""},"class_list":["post-322","page","type-page","status-publish","has-post-thumbnail","hentry"],"acf":[],"yoast_head":"<!-- This site is optimized with the Yoast SEO plugin v27.4 - https:\/\/yoast.com\/product\/yoast-seo-wordpress\/ -->\n<title>Expositions et \u00e9v\u00e9nements - MO5.COM<\/title>\n<meta name=\"description\" content=\"L&#039;association MO5.COM organise des expositions, conf\u00e9rences, et autres \u00e9v\u00e9nements autour du retrogaming partout en France. Retrouvez ici l&#039;agenda des expositions et \u00e9v\u00e9nements \u00e0 venir, et l&#039;historique de ceux qui sont d\u00e9j\u00e0 r\u00e9alis\u00e9s.\" \/>\n<meta name=\"robots\" content=\"index, follow, max-snippet:-1, max-image-preview:large, max-video-preview:-1\" \/>\n<link rel=\"canonical\" href=\"https:\/\/mo5.com\/fr\/expositions\/\" \/>\n<meta property=\"og:locale\" content=\"fr_FR\" \/>\n<meta property=\"og:type\" content=\"article\" \/>\n<meta property=\"og:title\" content=\"Expositions et \u00e9v\u00e9nements - MO5.COM\" \/>\n<meta property=\"og:description\" content=\"L&#039;association MO5.COM organise des expositions, conf\u00e9rences, et autres \u00e9v\u00e9nements autour du retrogaming partout en France. Retrouvez ici l&#039;agenda des expositions et \u00e9v\u00e9nements \u00e0 venir, et l&#039;historique de ceux qui sont d\u00e9j\u00e0 r\u00e9alis\u00e9s.\" \/>\n<meta property=\"og:url\" content=\"https:\/\/mo5.com\/fr\/expositions\/\" \/>\n<meta property=\"og:site_name\" content=\"MO5.COM\" \/>\n<meta property=\"article:publisher\" content=\"https:\/\/www.facebook.com\/pages\/Association-MO5COM\/9540357570\" \/>\n<meta property=\"article:modified_time\" content=\"2019-02-19T09:45:18+00:00\" \/>\n<meta property=\"og:image\" content=\"https:\/\/mo5.com\/wp-content\/uploads\/2017\/09\/DSC_0308.jpg\" \/>\n\t<meta property=\"og:image:width\" content=\"2048\" \/>\n\t<meta property=\"og:image:height\" content=\"1366\" \/>\n\t<meta property=\"og:image:type\" content=\"image\/jpeg\" \/>\n<meta name=\"twitter:card\" content=\"summary_large_image\" \/>\n<meta name=\"twitter:site\" content=\"@assomo5\" \/>\n<script type=\"application\/ld+json\" class=\"yoast-schema-graph\">{\"@context\":\"https:\\\/\\\/schema.org\",\"@graph\":[{\"@type\":\"WebPage\",\"@id\":\"https:\\\/\\\/mo5.com\\\/expositions\\\/\",\"url\":\"https:\\\/\\\/mo5.com\\\/expositions\\\/\",\"name\":\"Expositions et \u00e9v\u00e9nements - MO5.COM\",\"isPartOf\":{\"@id\":\"https:\\\/\\\/mo5.com\\\/#website\"},\"primaryImageOfPage\":{\"@id\":\"https:\\\/\\\/mo5.com\\\/expositions\\\/#primaryimage\"},\"image\":{\"@id\":\"https:\\\/\\\/mo5.com\\\/expositions\\\/#primaryimage\"},\"thumbnailUrl\":\"https:\\\/\\\/mo5.com\\\/wp-content\\\/uploads\\\/2017\\\/09\\\/DSC_0308.jpg\",\"datePublished\":\"2015-09-04T09:31:30+00:00\",\"dateModified\":\"2019-02-19T09:45:18+00:00\",\"description\":\"L'association MO5.COM organise des expositions, conf\u00e9rences, et autres \u00e9v\u00e9nements autour du retrogaming partout en France. Retrouvez ici l'agenda des expositions et \u00e9v\u00e9nements \u00e0 venir, et l'historique de ceux qui sont d\u00e9j\u00e0 r\u00e9alis\u00e9s.\",\"breadcrumb\":{\"@id\":\"https:\\\/\\\/mo5.com\\\/expositions\\\/#breadcrumb\"},\"inLanguage\":\"fr-FR\",\"potentialAction\":[{\"@type\":\"ReadAction\",\"target\":[\"https:\\\/\\\/mo5.com\\\/expositions\\\/\"]}]},{\"@type\":\"ImageObject\",\"inLanguage\":\"fr-FR\",\"@id\":\"https:\\\/\\\/mo5.com\\\/expositions\\\/#primaryimage\",\"url\":\"https:\\\/\\\/mo5.com\\\/wp-content\\\/uploads\\\/2017\\\/09\\\/DSC_0308.jpg\",\"contentUrl\":\"https:\\\/\\\/mo5.com\\\/wp-content\\\/uploads\\\/2017\\\/09\\\/DSC_0308.jpg\",\"width\":1349,\"height\":900,\"caption\":\"Street Fighter II - Paris Games Week 2017\"},{\"@type\":\"BreadcrumbList\",\"@id\":\"https:\\\/\\\/mo5.com\\\/expositions\\\/#breadcrumb\",\"itemListElement\":[{\"@type\":\"ListItem\",\"position\":1,\"name\":\"Accueil\",\"item\":\"https:\\\/\\\/mo5.com\\\/\"},{\"@type\":\"ListItem\",\"position\":2,\"name\":\"Expositions et \u00e9v\u00e9nements\"}]},{\"@type\":\"WebSite\",\"@id\":\"https:\\\/\\\/mo5.com\\\/#website\",\"url\":\"https:\\\/\\\/mo5.com\\\/\",\"name\":\"MO5.COM\",\"description\":\"Pr\u00e9server, explorer, rejouer\",\"publisher\":{\"@id\":\"https:\\\/\\\/mo5.com\\\/#organization\"},\"potentialAction\":[{\"@type\":\"SearchAction\",\"target\":{\"@type\":\"EntryPoint\",\"urlTemplate\":\"https:\\\/\\\/mo5.com\\\/?s={search_term_string}\"},\"query-input\":{\"@type\":\"PropertyValueSpecification\",\"valueRequired\":true,\"valueName\":\"search_term_string\"}}],\"inLanguage\":\"fr-FR\"},{\"@type\":\"Organization\",\"@id\":\"https:\\\/\\\/mo5.com\\\/#organization\",\"name\":\"Association MO5.COM\",\"url\":\"https:\\\/\\\/mo5.com\\\/\",\"logo\":{\"@type\":\"ImageObject\",\"inLanguage\":\"fr-FR\",\"@id\":\"https:\\\/\\\/mo5.com\\\/#\\\/schema\\\/logo\\\/image\\\/\",\"url\":\"https:\\\/\\\/mo5.com\\\/wp-content\\\/uploads\\\/2023\\\/10\\\/Logo_MO5_A_Colo_Texte_Bleu-e1697059504554.png\",\"contentUrl\":\"https:\\\/\\\/mo5.com\\\/wp-content\\\/uploads\\\/2023\\\/10\\\/Logo_MO5_A_Colo_Texte_Bleu-e1697059504554.png\",\"width\":2094,\"height\":559,\"caption\":\"Association MO5.COM\"},\"image\":{\"@id\":\"https:\\\/\\\/mo5.com\\\/#\\\/schema\\\/logo\\\/image\\\/\"},\"sameAs\":[\"https:\\\/\\\/www.facebook.com\\\/pages\\\/Association-MO5COM\\\/9540357570\",\"https:\\\/\\\/x.com\\\/assomo5\",\"http:\\\/\\\/www.instagram.com\\\/assomo5\",\"https:\\\/\\\/www.youtube.com\\\/channel\\\/UCRncMsBo89C9u_8gpWnsOVw\\\/featured\",\"https:\\\/\\\/bsky.app\\\/profile\\\/assomo5.bsky.social\",\"https:\\\/\\\/twitch.tv\\\/mo5assoretro\"]}]}<\/script>\n<!-- \/ Yoast SEO plugin. -->","yoast_head_json":{"title":"Expositions et \u00e9v\u00e9nements - MO5.COM","description":"L'association MO5.COM organise des expositions, conf\u00e9rences, et autres \u00e9v\u00e9nements autour du retrogaming partout en France. Retrouvez ici l'agenda des expositions et \u00e9v\u00e9nements \u00e0 venir, et l'historique de ceux qui sont d\u00e9j\u00e0 r\u00e9alis\u00e9s.","robots":{"index":"index","follow":"follow","max-snippet":"max-snippet:-1","max-image-preview":"max-image-preview:large","max-video-preview":"max-video-preview:-1"},"canonical":"https:\/\/mo5.com\/fr\/expositions\/","og_locale":"fr_FR","og_type":"article","og_title":"Expositions et \u00e9v\u00e9nements - MO5.COM","og_description":"L'association MO5.COM organise des expositions, conf\u00e9rences, et autres \u00e9v\u00e9nements autour du retrogaming partout en France. Retrouvez ici l'agenda des expositions et \u00e9v\u00e9nements \u00e0 venir, et l'historique de ceux qui sont d\u00e9j\u00e0 r\u00e9alis\u00e9s.","og_url":"https:\/\/mo5.com\/fr\/expositions\/","og_site_name":"MO5.COM","article_publisher":"https:\/\/www.facebook.com\/pages\/Association-MO5COM\/9540357570","article_modified_time":"2019-02-19T09:45:18+00:00","og_image":[{"width":2048,"height":1366,"url":"https:\/\/mo5.com\/wp-content\/uploads\/2017\/09\/DSC_0308.jpg","type":"image\/jpeg"}],"twitter_card":"summary_large_image","twitter_site":"@assomo5","schema":{"@context":"https:\/\/schema.org","@graph":[{"@type":"WebPage","@id":"https:\/\/mo5.com\/expositions\/","url":"https:\/\/mo5.com\/expositions\/","name":"Expositions et \u00e9v\u00e9nements - MO5.COM","isPartOf":{"@id":"https:\/\/mo5.com\/#website"},"primaryImageOfPage":{"@id":"https:\/\/mo5.com\/expositions\/#primaryimage"},"image":{"@id":"https:\/\/mo5.com\/expositions\/#primaryimage"},"thumbnailUrl":"https:\/\/mo5.com\/wp-content\/uploads\/2017\/09\/DSC_0308.jpg","datePublished":"2015-09-04T09:31:30+00:00","dateModified":"2019-02-19T09:45:18+00:00","description":"L'association MO5.COM organise des expositions, conf\u00e9rences, et autres \u00e9v\u00e9nements autour du retrogaming partout en France. Retrouvez ici l'agenda des expositions et \u00e9v\u00e9nements \u00e0 venir, et l'historique de ceux qui sont d\u00e9j\u00e0 r\u00e9alis\u00e9s.","breadcrumb":{"@id":"https:\/\/mo5.com\/expositions\/#breadcrumb"},"inLanguage":"fr-FR","potentialAction":[{"@type":"ReadAction","target":["https:\/\/mo5.com\/expositions\/"]}]},{"@type":"ImageObject","inLanguage":"fr-FR","@id":"https:\/\/mo5.com\/expositions\/#primaryimage","url":"https:\/\/mo5.com\/wp-content\/uploads\/2017\/09\/DSC_0308.jpg","contentUrl":"https:\/\/mo5.com\/wp-content\/uploads\/2017\/09\/DSC_0308.jpg","width":1349,"height":900,"caption":"Street Fighter II - Paris Games Week 2017"},{"@type":"BreadcrumbList","@id":"https:\/\/mo5.com\/expositions\/#breadcrumb","itemListElement":[{"@type":"ListItem","position":1,"name":"Accueil","item":"https:\/\/mo5.com\/"},{"@type":"ListItem","position":2,"name":"Expositions et \u00e9v\u00e9nements"}]},{"@type":"WebSite","@id":"https:\/\/mo5.com\/#website","url":"https:\/\/mo5.com\/","name":"MO5.COM","description":"Pr\u00e9server, explorer, rejouer","publisher":{"@id":"https:\/\/mo5.com\/#organization"},"potentialAction":[{"@type":"SearchAction","target":{"@type":"EntryPoint","urlTemplate":"https:\/\/mo5.com\/?s={search_term_string}"},"query-input":{"@type":"PropertyValueSpecification","valueRequired":true,"valueName":"search_term_string"}}],"inLanguage":"fr-FR"},{"@type":"Organization","@id":"https:\/\/mo5.com\/#organization","name":"Association MO5.COM","url":"https:\/\/mo5.com\/","logo":{"@type":"ImageObject","inLanguage":"fr-FR","@id":"https:\/\/mo5.com\/#\/schema\/logo\/image\/","url":"https:\/\/mo5.com\/wp-content\/uploads\/2023\/10\/Logo_MO5_A_Colo_Texte_Bleu-e1697059504554.png","contentUrl":"https:\/\/mo5.com\/wp-content\/uploads\/2023\/10\/Logo_MO5_A_Colo_Texte_Bleu-e1697059504554.png","width":2094,"height":559,"caption":"Association MO5.COM"},"image":{"@id":"https:\/\/mo5.com\/#\/schema\/logo\/image\/"},"sameAs":["https:\/\/www.facebook.com\/pages\/Association-MO5COM\/9540357570","https:\/\/x.com\/assomo5","http:\/\/www.instagram.com\/assomo5","https:\/\/www.youtube.com\/channel\/UCRncMsBo89C9u_8gpWnsOVw\/featured","https:\/\/bsky.app\/profile\/assomo5.bsky.social","https:\/\/twitch.tv\/mo5assoretro"]}]}},"campaignId":"","_links":{"self":[{"href":"https:\/\/mo5.com\/fr\/wp-json\/wp\/v2\/pages\/322","targetHints":{"allow":["GET"]}}],"collection":[{"href":"https:\/\/mo5.com\/fr\/wp-json\/wp\/v2\/pages"}],"about":[{"href":"https:\/\/mo5.com\/fr\/wp-json\/wp\/v2\/types\/page"}],"author":[{"embeddable":true,"href":"https:\/\/mo5.com\/fr\/wp-json\/wp\/v2\/users\/321"}],"replies":[{"embeddable":true,"href":"https:\/\/mo5.com\/fr\/wp-json\/wp\/v2\/comments?post=322"}],"version-history":[{"count":0,"href":"https:\/\/mo5.com\/fr\/wp-json\/wp\/v2\/pages\/322\/revisions"}],"wp:featuredmedia":[{"embeddable":true,"href":"https:\/\/mo5.com\/fr\/wp-json\/wp\/v2\/media\/4906"}],"wp:attachment":[{"href":"https:\/\/mo5.com\/fr\/wp-json\/wp\/v2\/media?parent=322"}],"curies":[{"name":"wp","href":"https:\/\/api.w.org\/{rel}","templated":true}]}}